{"id":4926,"date":"2025-01-30T00:27:37","date_gmt":"2025-01-30T00:27:37","guid":{"rendered":"https:\/\/pocinhos.pb.gov.br\/site\/?page_id=4926"},"modified":"2025-01-30T00:35:33","modified_gmt":"2025-01-30T00:35:33","slug":"a-prefeita","status":"publish","type":"page","link":"https:\/\/pocinhos.pb.gov.br\/site\/a-prefeita\/","title":{"rendered":"A Prefeita"},"content":{"rendered":"\t\t<div data-elementor-type=\"wp-page\" data-elementor-id=\"4926\" class=\"elementor elementor-4926\">\n\t\t\t\t\t\t<section class=\"elementor-section elementor-top-section elementor-element elementor-element-c0a8a7e elementor-section-boxed elementor-section-height-default elementor-section-height-default\" data-id=\"c0a8a7e\" data-element_type=\"section\">\n\t\t\t\t\t\t<div class=\"elementor-container elementor-column-gap-default\">\n\t\t\t\t\t<div class=\"elementor-column elementor-col-50 elementor-top-column elementor-element elementor-element-145faa4\" data-id=\"145faa4\" data-element_type=\"column\">\n\t\t\t<div class=\"elementor-widget-wrap elementor-element-populated\">\n\t\t\t\t\t\t<div class=\"elementor-element elementor-element-b6d60c5 elementor-widget elementor-widget-back-core-heading\" data-id=\"b6d60c5\" data-element_type=\"widget\" data-widget_type=\"back-core-heading.default\">\n\t\t\t\t<div class=\"elementor-widget-container\">\n\t\t\t\t\t        <div class=\"back-heading default  \">\r\n            <div class=\"title-inner\">        \t\t      \t\t\r\n\t            <h2 class=\"title\"><span class=\"watermark\"><\/span>Eliane Galdino<\/h2>\t        <\/div>\r\n\t                <\/div>\r\n\r\n        \t\t\t\t<\/div>\n\t\t\t\t<\/div>\n\t\t\t\t<div class=\"elementor-element elementor-element-d8bec8a elementor-widget elementor-widget-text-editor\" data-id=\"d8bec8a\" data-element_type=\"widget\" data-widget_type=\"text-editor.default\">\n\t\t\t\t<div class=\"elementor-widget-container\">\n\t\t\t\t\t\t\t\t\t<p><img fetchpriority=\"high\" decoding=\"async\" class=\"alignleft size-medium wp-image-731\" src=\"http:\/\/pocinhos.pb.gov.br\/wp-content\/uploads\/2021\/01\/secretarios-300x300.png\" sizes=\"(max-width: 300px) 100vw, 300px\" srcset=\"https:\/\/pocinhos.pb.gov.br\/wp-content\/uploads\/2021\/01\/secretarios-300x300.png 300w, https:\/\/pocinhos.pb.gov.br\/wp-content\/uploads\/2021\/01\/secretarios-150x150.png 150w, https:\/\/pocinhos.pb.gov.br\/wp-content\/uploads\/2021\/01\/secretarios.png 500w\" alt=\"\" width=\"300\" height=\"300\" \/><\/p><p>Eliane Moura dos Santos Galdino \u00e9 a primeira mulher eleita prefeita de Pocinhos. Al\u00e9m de primeira-dama, \u00e9 funcion\u00e1ria p\u00fablica. Presidente do partido Avante na Para\u00edba. Foi secret\u00e1ria de Educa\u00e7\u00e3o e Assist\u00eancia Social em Pocinhos. Foi presidente da Associa\u00e7\u00e3o Promocional do Poder Legislativo (APPL). Foi presidente da Associa\u00e7\u00e3o das Amigas do Lar.<\/p><p><strong>Email:<\/strong>\u00a0elianegaldinoprefeita@gmail.com<\/p><p><strong>Telefone:<\/strong>\u00a0(83) 981115917<\/p>\t\t\t\t\t\t\t\t<\/div>\n\t\t\t\t<\/div>\n\t\t\t\t\t<\/div>\n\t\t<\/div>\n\t\t\t\t<div class=\"elementor-column elementor-col-50 elementor-top-column elementor-element elementor-element-90826fe\" data-id=\"90826fe\" data-element_type=\"column\">\n\t\t\t<div class=\"elementor-widget-wrap elementor-element-populated\">\n\t\t\t\t\t\t<section class=\"elementor-section elementor-inner-section elementor-element elementor-element-eb5efdf elementor-section-boxed elementor-section-height-default elementor-section-height-default\" data-id=\"eb5efdf\" data-element_type=\"section\">\n\t\t\t\t\t\t<div class=\"elementor-container elementor-column-gap-default\">\n\t\t\t\t\t<div class=\"elementor-column elementor-col-100 elementor-inner-column elementor-element elementor-element-726aa52\" data-id=\"726aa52\" data-element_type=\"column\">\n\t\t\t<div class=\"elementor-widget-wrap elementor-element-populated\">\n\t\t\t\t\t\t<div class=\"elementor-element elementor-element-27f40b9 elementor-widget elementor-widget-sidebar\" data-id=\"27f40b9\" data-element_type=\"widget\" data-widget_type=\"sidebar.default\">\n\t\t\t\t<div class=\"elementor-widget-container\">\n\t\t\t\t\t<section id=\"media_image-1\" class=\"widget widget_media_image\"><a href=\"https:\/\/pocinhos.pb.gov.br\/site\/politica-nacional-aldir-blanc-pnab\/\"><img decoding=\"async\" width=\"400\" height=\"80\" src=\"https:\/\/pocinhos.pb.gov.br\/site\/wp-content\/uploads\/2025\/01\/pnab.png\" class=\"image wp-image-4880  attachment-full size-full\" alt=\"\" style=\"max-width: 100%; height: auto;\" srcset=\"https:\/\/pocinhos.pb.gov.br\/site\/wp-content\/uploads\/2025\/01\/pnab.png 400w, https:\/\/pocinhos.pb.gov.br\/site\/wp-content\/uploads\/2025\/01\/pnab-300x60.png 300w\" sizes=\"(max-width: 400px) 100vw, 400px\" \/><\/a><\/section><section id=\"media_image-2\" class=\"widget widget_media_image\"><a href=\"https:\/\/docs.google.com\/forms\/d\/e\/1FAIpQLSfwE1nB821J_r21zAhHA9lG_Oa96gh--ALVJ_wwmj5wbbLlkQ\/viewform\"><img decoding=\"async\" width=\"400\" height=\"80\" src=\"https:\/\/pocinhos.pb.gov.br\/site\/wp-content\/uploads\/2025\/01\/ALDIR-4.png\" class=\"image wp-image-4881  attachment-full size-full\" alt=\"\" style=\"max-width: 100%; height: auto;\" srcset=\"https:\/\/pocinhos.pb.gov.br\/site\/wp-content\/uploads\/2025\/01\/ALDIR-4.png 400w, https:\/\/pocinhos.pb.gov.br\/site\/wp-content\/uploads\/2025\/01\/ALDIR-4-300x60.png 300w\" sizes=\"(max-width: 400px) 100vw, 400px\" \/><\/a><\/section><section id=\"media_image-3\" class=\"widget widget_media_image\"><a href=\"https:\/\/pocinhos.pb.gov.br\/site\/lei-paulo-gustavo\/\"><img loading=\"lazy\" decoding=\"async\" width=\"400\" height=\"80\" src=\"https:\/\/pocinhos.pb.gov.br\/site\/wp-content\/uploads\/2025\/01\/ALDIR-1.png\" class=\"image wp-image-4882  attachment-full size-full\" alt=\"\" style=\"max-width: 100%; height: auto;\" srcset=\"https:\/\/pocinhos.pb.gov.br\/site\/wp-content\/uploads\/2025\/01\/ALDIR-1.png 400w, https:\/\/pocinhos.pb.gov.br\/site\/wp-content\/uploads\/2025\/01\/ALDIR-1-300x60.png 300w\" sizes=\"(max-width: 400px) 100vw, 400px\" \/><\/a><\/section><section id=\"media_image-5\" class=\"widget widget_media_image\"><a href=\"https:\/\/api.whatsapp.com\/send?phone=5583993647791\"><img loading=\"lazy\" decoding=\"async\" width=\"400\" height=\"80\" src=\"https:\/\/pocinhos.pb.gov.br\/site\/wp-content\/uploads\/2025\/01\/RECENSEAMENTO-SITE-1.png\" class=\"image wp-image-4884  attachment-full size-full\" alt=\"\" style=\"max-width: 100%; height: auto;\" srcset=\"https:\/\/pocinhos.pb.gov.br\/site\/wp-content\/uploads\/2025\/01\/RECENSEAMENTO-SITE-1.png 400w, https:\/\/pocinhos.pb.gov.br\/site\/wp-content\/uploads\/2025\/01\/RECENSEAMENTO-SITE-1-300x60.png 300w\" sizes=\"(max-width: 400px) 100vw, 400px\" \/><\/a><\/section><section id=\"media_image-6\" class=\"widget widget_media_image\"><a href=\"https:\/\/pocinhos.pb.gov.br\/wp-content\/uploads\/2021\/09\/resolucao.pdf\"><img loading=\"lazy\" decoding=\"async\" width=\"400\" height=\"80\" src=\"https:\/\/pocinhos.pb.gov.br\/site\/wp-content\/uploads\/2025\/01\/plano.png\" class=\"image wp-image-4885  attachment-full size-full\" alt=\"\" style=\"max-width: 100%; height: auto;\" srcset=\"https:\/\/pocinhos.pb.gov.br\/site\/wp-content\/uploads\/2025\/01\/plano.png 400w, https:\/\/pocinhos.pb.gov.br\/site\/wp-content\/uploads\/2025\/01\/plano-300x60.png 300w\" sizes=\"(max-width: 400px) 100vw, 400px\" \/><\/a><\/section>\t\t\t\t<\/div>\n\t\t\t\t<\/div>\n\t\t\t\t\t<\/div>\n\t\t<\/div>\n\t\t\t\t\t<\/div>\n\t\t<\/section>\n\t\t\t\t\t<\/div>\n\t\t<\/div>\n\t\t\t\t\t<\/div>\n\t\t<\/section>\n\t\t\t\t<\/div>\n\t\t","protected":false},"excerpt":{"rendered":"<p>Eliane Galdino Eliane Moura dos Santos Galdino \u00e9 a primeira mulher eleita prefeita de Pocinhos. Al\u00e9m de primeira-dama, \u00e9 funcion\u00e1ria p\u00fablica. Presidente do partido Avante na Para\u00edba. Foi secret\u00e1ria de Educa\u00e7\u00e3o e Assist\u00eancia Social em Pocinhos. Foi presidente da Associa\u00e7\u00e3o Promocional do Poder Legislativo (APPL). Foi presidente da Associa\u00e7\u00e3o das Amigas do Lar. Email:\u00a0elianegaldinoprefeita@gmail.com Telefone:\u00a0(83)&#8230;<\/p>\n","protected":false},"author":1,"featured_media":0,"parent":0,"menu_order":0,"comment_status":"closed","ping_status":"closed","template":"elementor_header_footer","meta":{"footnotes":""},"class_list":["post-4926","page","type-page","status-publish","hentry"],"aioseo_notices":[],"_links":{"self":[{"href":"https:\/\/pocinhos.pb.gov.br\/site\/wp-json\/wp\/v2\/pages\/4926","targetHints":{"allow":["GET"]}}],"collection":[{"href":"https:\/\/pocinhos.pb.gov.br\/site\/wp-json\/wp\/v2\/pages"}],"about":[{"href":"https:\/\/pocinhos.pb.gov.br\/site\/wp-json\/wp\/v2\/types\/page"}],"author":[{"embeddable":true,"href":"https:\/\/pocinhos.pb.gov.br\/site\/wp-json\/wp\/v2\/users\/1"}],"replies":[{"embeddable":true,"href":"https:\/\/pocinhos.pb.gov.br\/site\/wp-json\/wp\/v2\/comments?post=4926"}],"version-history":[{"count":13,"href":"https:\/\/pocinhos.pb.gov.br\/site\/wp-json\/wp\/v2\/pages\/4926\/revisions"}],"predecessor-version":[{"id":4940,"href":"https:\/\/pocinhos.pb.gov.br\/site\/wp-json\/wp\/v2\/pages\/4926\/revisions\/4940"}],"wp:attachment":[{"href":"https:\/\/pocinhos.pb.gov.br\/site\/wp-json\/wp\/v2\/media?parent=4926"}],"curies":[{"name":"wp","href":"https:\/\/api.w.org\/{rel}","templated":true}]}}