{"id":5819,"date":"2025-02-02T00:32:11","date_gmt":"2025-02-02T00:32:11","guid":{"rendered":"https:\/\/pocinhos.pb.gov.br\/site\/?page_id=5819"},"modified":"2025-02-02T00:33:43","modified_gmt":"2025-02-02T00:33:43","slug":"lei-paulo-gustavo","status":"publish","type":"page","link":"https:\/\/pocinhos.pb.gov.br\/site\/lei-paulo-gustavo\/","title":{"rendered":"Lei Paulo Gustavo"},"content":{"rendered":"\t\t<div data-elementor-type=\"wp-page\" data-elementor-id=\"5819\" class=\"elementor elementor-5819\">\n\t\t\t\t<div class=\"elementor-element elementor-element-124c9240 e-flex e-con-boxed e-con e-parent\" data-id=\"124c9240\" data-element_type=\"container\">\n\t\t\t\t\t<div class=\"e-con-inner\">\n\t\t\t\t<div class=\"elementor-element elementor-element-16af41bb elementor-widget elementor-widget-text-editor\" data-id=\"16af41bb\" data-element_type=\"widget\" data-widget_type=\"text-editor.default\">\n\t\t\t\t<div class=\"elementor-widget-container\">\n\t\t\t\t\t\t\t\t\t<ul><li><h3>LEI E DECRETO FEDERAL<\/h3><p><a href=\"https:\/\/www.planalto.gov.br\/ccivil_03\/leis\/lcp\/lcp195.htm\">Lei Paulo Gustavo<\/a><\/p><p><a href=\"https:\/\/www.planalto.gov.br\/ccivil_03\/_Ato2023-2026\/2023\/Decreto\/D11525.htm\">Decreto 11.525\/2023<\/a><\/p><\/li><\/ul>\t\t\t\t\t\t\t\t<\/div>\n\t\t\t\t<\/div>\n\t\t\t\t<div class=\"elementor-element elementor-element-4306a8e elementor-widget elementor-widget-n-accordion\" data-id=\"4306a8e\" data-element_type=\"widget\" data-settings=\"{&quot;default_state&quot;:&quot;all_collapsed&quot;,&quot;max_items_expended&quot;:&quot;one&quot;,&quot;n_accordion_animation_duration&quot;:{&quot;unit&quot;:&quot;ms&quot;,&quot;size&quot;:400,&quot;sizes&quot;:[]}}\" data-widget_type=\"nested-accordion.default\">\n\t\t\t\t<div class=\"elementor-widget-container\">\n\t\t\t\t\t\t\t<div class=\"e-n-accordion\" aria-label=\"Accordion. Open links with Enter or Space, close with Escape, and navigate with Arrow Keys\">\n\t\t\t\t\t\t<details id=\"e-n-accordion-item-7020\" class=\"e-n-accordion-item\" >\n\t\t\t\t<summary class=\"e-n-accordion-item-title\" data-accordion-index=\"1\" tabindex=\"0\" aria-expanded=\"false\" aria-controls=\"e-n-accordion-item-7020\" >\n\t\t\t\t\t<span class='e-n-accordion-item-title-header'><div class=\"e-n-accordion-item-title-text\"> Edital Ant\u00f4nio do Cinema de Produ\u00e7\u00e3o Audiovisual <\/div><\/span>\n\t\t\t\t\t\t\t<span class='e-n-accordion-item-title-icon'>\n\t\t\t<span class='e-opened' ><svg aria-hidden=\"true\" class=\"e-font-icon-svg e-fas-minus\" viewBox=\"0 0 448 512\" xmlns=\"http:\/\/www.w3.org\/2000\/svg\"><path d=\"M416 208H32c-17.67 0-32 14.33-32 32v32c0 17.67 14.33 32 32 32h384c17.67 0 32-14.33 32-32v-32c0-17.67-14.33-32-32-32z\"><\/path><\/svg><\/span>\n\t\t\t<span class='e-closed'><svg aria-hidden=\"true\" class=\"e-font-icon-svg e-fas-plus\" viewBox=\"0 0 448 512\" xmlns=\"http:\/\/www.w3.org\/2000\/svg\"><path d=\"M416 208H272V64c0-17.67-14.33-32-32-32h-32c-17.67 0-32 14.33-32 32v144H32c-17.67 0-32 14.33-32 32v32c0 17.67 14.33 32 32 32h144v144c0 17.67 14.33 32 32 32h32c17.67 0 32-14.33 32-32V304h144c17.67 0 32-14.33 32-32v-32c0-17.67-14.33-32-32-32z\"><\/path><\/svg><\/span>\n\t\t<\/span>\n\n\t\t\t\t\t\t<\/summary>\n\t\t\t\t<div role=\"region\" aria-labelledby=\"e-n-accordion-item-7020\" class=\"elementor-element elementor-element-ccd84da e-con-full e-flex e-con e-child\" data-id=\"ccd84da\" data-element_type=\"container\">\n\t\t\t\t<div class=\"elementor-element elementor-element-83a3891 elementor-widget elementor-widget-text-editor\" data-id=\"83a3891\" data-element_type=\"widget\" data-widget_type=\"text-editor.default\">\n\t\t\t\t<div class=\"elementor-widget-container\">\n\t\t\t\t\t\t\t\t\t<p><a href=\"http:\/\/pocinhos.pb.gov.br\/wp-content\/uploads\/2023\/08\/EDITAL_001_DE_AUDIOVISUAL_LEI_PAULO_GUSTAVO-1.pdf\">Edital<\/a><\/p><p><a href=\"http:\/\/pocinhos.pb.gov.br\/wp-content\/uploads\/2023\/08\/FORMUL%C3%81RIO_DE_INSCRI%C3%87%C3%83O_EDITAL_N%C2%BA_001_AUDIOVISUAL._E_ANEXOS.pdf\">Formul\u00e1rio de Inscri\u00e7\u00e3o e anexos<\/a><\/p><p><a href=\"http:\/\/pocinhos.pb.gov.br\/wp-content\/uploads\/2023\/08\/ANEXO_III_Plano_de_Trabalho_e_Planilha_Or%C3%A7amentaria_EDITAL_001.pdf\">Plano de trabalho e planilha or\u00e7ament\u00e1ria<\/a><\/p><p><a href=\"http:\/\/pocinhos.pb.gov.br\/wp-content\/uploads\/2023\/08\/Resultado_Preliminar_-_Edital_001-2023.pdf\">Resultado Preliminar<\/a><\/p><p><a href=\"http:\/\/pocinhos.pb.gov.br\/wp-content\/uploads\/2023\/08\/Resultado_Final_Edital_001.pdf\">Resultado Final<\/a><\/p>\t\t\t\t\t\t\t\t<\/div>\n\t\t\t\t<\/div>\n\t\t\t\t<\/div>\n\t\t\t\t\t<\/details>\n\t\t\t\t\t\t<details id=\"e-n-accordion-item-7021\" class=\"e-n-accordion-item\" >\n\t\t\t\t<summary class=\"e-n-accordion-item-title\" data-accordion-index=\"2\" tabindex=\"-1\" aria-expanded=\"false\" aria-controls=\"e-n-accordion-item-7021\" >\n\t\t\t\t\t<span class='e-n-accordion-item-title-header'><div class=\"e-n-accordion-item-title-text\"> Edital Dona Neves Oliveira de Produ\u00e7\u00e3o Cultural <\/div><\/span>\n\t\t\t\t\t\t\t<span class='e-n-accordion-item-title-icon'>\n\t\t\t<span class='e-opened' ><svg aria-hidden=\"true\" class=\"e-font-icon-svg e-fas-minus\" viewBox=\"0 0 448 512\" xmlns=\"http:\/\/www.w3.org\/2000\/svg\"><path d=\"M416 208H32c-17.67 0-32 14.33-32 32v32c0 17.67 14.33 32 32 32h384c17.67 0 32-14.33 32-32v-32c0-17.67-14.33-32-32-32z\"><\/path><\/svg><\/span>\n\t\t\t<span class='e-closed'><svg aria-hidden=\"true\" class=\"e-font-icon-svg e-fas-plus\" viewBox=\"0 0 448 512\" xmlns=\"http:\/\/www.w3.org\/2000\/svg\"><path d=\"M416 208H272V64c0-17.67-14.33-32-32-32h-32c-17.67 0-32 14.33-32 32v144H32c-17.67 0-32 14.33-32 32v32c0 17.67 14.33 32 32 32h144v144c0 17.67 14.33 32 32 32h32c17.67 0 32-14.33 32-32V304h144c17.67 0 32-14.33 32-32v-32c0-17.67-14.33-32-32-32z\"><\/path><\/svg><\/span>\n\t\t<\/span>\n\n\t\t\t\t\t\t<\/summary>\n\t\t\t\t<div role=\"region\" aria-labelledby=\"e-n-accordion-item-7021\" class=\"elementor-element elementor-element-e35242d e-con-full e-flex e-con e-child\" data-id=\"e35242d\" data-element_type=\"container\">\n\t\t\t\t<div class=\"elementor-element elementor-element-c319bff elementor-widget elementor-widget-text-editor\" data-id=\"c319bff\" data-element_type=\"widget\" data-widget_type=\"text-editor.default\">\n\t\t\t\t<div class=\"elementor-widget-container\">\n\t\t\t\t\t\t\t\t\t<p><a href=\"http:\/\/pocinhos.pb.gov.br\/wp-content\/uploads\/2023\/08\/EDITAL_002_CHAMAMENTO_PUBLICO_PRODU%C3%87%C3%83O_CULTURAL_LEI_PAULO_GUSTAVO-1.pdf\">Edital<\/a><\/p><p><a href=\"http:\/\/pocinhos.pb.gov.br\/wp-content\/uploads\/2023\/08\/FORMUL%C3%81RIO_DE_INSCRI%C3%87%C3%83O_EDITAL_N%C2%BA_002_PREMIO_DE_PRODU%C3%87%C3%83O_CULTURAL_E_ANEXOS.pdf\">Formul\u00e1rio de Inscri\u00e7\u00e3o e anexos<\/a><\/p><p><a href=\"http:\/\/pocinhos.pb.gov.br\/wp-content\/uploads\/2023\/08\/Resultado_Preliminar_-_Edital_002-20023.pdf\">Resultado Preliminar<\/a><\/p><p><a href=\"http:\/\/pocinhos.pb.gov.br\/wp-content\/uploads\/2023\/08\/Resultado_Final_Edital_002.pdf\">Resultado Final<\/a><\/p>\t\t\t\t\t\t\t\t<\/div>\n\t\t\t\t<\/div>\n\t\t\t\t<\/div>\n\t\t\t\t\t<\/details>\n\t\t\t\t\t\t<details id=\"e-n-accordion-item-7022\" class=\"e-n-accordion-item\" >\n\t\t\t\t<summary class=\"e-n-accordion-item-title\" data-accordion-index=\"3\" tabindex=\"-1\" aria-expanded=\"false\" aria-controls=\"e-n-accordion-item-7022\" >\n\t\t\t\t\t<span class='e-n-accordion-item-title-header'><div class=\"e-n-accordion-item-title-text\"> Edital Virg\u00edlia Porto de Instrutores de Audiovisual <\/div><\/span>\n\t\t\t\t\t\t\t<span class='e-n-accordion-item-title-icon'>\n\t\t\t<span class='e-opened' ><svg aria-hidden=\"true\" class=\"e-font-icon-svg e-fas-minus\" viewBox=\"0 0 448 512\" xmlns=\"http:\/\/www.w3.org\/2000\/svg\"><path d=\"M416 208H32c-17.67 0-32 14.33-32 32v32c0 17.67 14.33 32 32 32h384c17.67 0 32-14.33 32-32v-32c0-17.67-14.33-32-32-32z\"><\/path><\/svg><\/span>\n\t\t\t<span class='e-closed'><svg aria-hidden=\"true\" class=\"e-font-icon-svg e-fas-plus\" viewBox=\"0 0 448 512\" xmlns=\"http:\/\/www.w3.org\/2000\/svg\"><path d=\"M416 208H272V64c0-17.67-14.33-32-32-32h-32c-17.67 0-32 14.33-32 32v144H32c-17.67 0-32 14.33-32 32v32c0 17.67 14.33 32 32 32h144v144c0 17.67 14.33 32 32 32h32c17.67 0 32-14.33 32-32V304h144c17.67 0 32-14.33 32-32v-32c0-17.67-14.33-32-32-32z\"><\/path><\/svg><\/span>\n\t\t<\/span>\n\n\t\t\t\t\t\t<\/summary>\n\t\t\t\t<div role=\"region\" aria-labelledby=\"e-n-accordion-item-7022\" class=\"elementor-element elementor-element-8ab6eb4 e-con-full e-flex e-con e-child\" data-id=\"8ab6eb4\" data-element_type=\"container\">\n\t\t\t\t<div class=\"elementor-element elementor-element-fef3846 elementor-widget elementor-widget-text-editor\" data-id=\"fef3846\" data-element_type=\"widget\" data-widget_type=\"text-editor.default\">\n\t\t\t\t<div class=\"elementor-widget-container\">\n\t\t\t\t\t\t\t\t\t<p><a href=\"http:\/\/pocinhos.pb.gov.br\/wp-content\/uploads\/2023\/08\/EDITAL_003_CHAMAMENTO_PUBLICO_DE_INSTRUTORES_EM_AUDIOVISUAL-1.pdf\">Edital<\/a><\/p><p><a href=\"http:\/\/pocinhos.pb.gov.br\/wp-content\/uploads\/2023\/08\/FORMUL%C3%81RIO_DE_INSCRI%C3%87%C3%83O_EDITAL_N%C2%BA_003__CHAMAMENTO_PUBLICO_INSTRUTORES_EM_AUDIOVISUAL.pdf\">Formul\u00e1rio de Inscri\u00e7\u00e3o e anexos<\/a><\/p><p><a href=\"http:\/\/pocinhos.pb.gov.br\/wp-content\/uploads\/2023\/08\/Resultado_Preliminar_-_Edital_003_-_2023.pdf\">Resultado Preliminar<\/a><\/p><p><a href=\"http:\/\/pocinhos.pb.gov.br\/wp-content\/uploads\/2023\/08\/Resultado_Final_Edital_003.pdf\">Resultado Final<\/a><\/p>\t\t\t\t\t\t\t\t<\/div>\n\t\t\t\t<\/div>\n\t\t\t\t<\/div>\n\t\t\t\t\t<\/details>\n\t\t\t\t\t<\/div>\n\t\t\t\t\t\t<\/div>\n\t\t\t\t<\/div>\n\t\t\t\t\t<\/div>\n\t\t\t\t<\/div>\n\t\t\t\t<\/div>\n\t\t","protected":false},"excerpt":{"rendered":"<p>LEI E DECRETO FEDERAL Lei Paulo Gustavo Decreto 11.525\/2023 Edital Ant\u00f4nio do Cinema de Produ\u00e7\u00e3o Audiovisual Edital Formul\u00e1rio de Inscri\u00e7\u00e3o e anexos Plano de trabalho e planilha or\u00e7ament\u00e1ria Resultado Preliminar Resultado Final Edital Dona Neves Oliveira de Produ\u00e7\u00e3o Cultural Edital Formul\u00e1rio de Inscri\u00e7\u00e3o e anexos Resultado Preliminar Resultado Final Edital Virg\u00edlia Porto de Instrutores de&#8230;<\/p>\n","protected":false},"author":1,"featured_media":0,"parent":0,"menu_order":0,"comment_status":"closed","ping_status":"closed","template":"","meta":{"footnotes":""},"class_list":["post-5819","page","type-page","status-publish","hentry"],"aioseo_notices":[],"_links":{"self":[{"href":"https:\/\/pocinhos.pb.gov.br\/site\/wp-json\/wp\/v2\/pages\/5819","targetHints":{"allow":["GET"]}}],"collection":[{"href":"https:\/\/pocinhos.pb.gov.br\/site\/wp-json\/wp\/v2\/pages"}],"about":[{"href":"https:\/\/pocinhos.pb.gov.br\/site\/wp-json\/wp\/v2\/types\/page"}],"author":[{"embeddable":true,"href":"https:\/\/pocinhos.pb.gov.br\/site\/wp-json\/wp\/v2\/users\/1"}],"replies":[{"embeddable":true,"href":"https:\/\/pocinhos.pb.gov.br\/site\/wp-json\/wp\/v2\/comments?post=5819"}],"version-history":[{"count":4,"href":"https:\/\/pocinhos.pb.gov.br\/site\/wp-json\/wp\/v2\/pages\/5819\/revisions"}],"predecessor-version":[{"id":5823,"href":"https:\/\/pocinhos.pb.gov.br\/site\/wp-json\/wp\/v2\/pages\/5819\/revisions\/5823"}],"wp:attachment":[{"href":"https:\/\/pocinhos.pb.gov.br\/site\/wp-json\/wp\/v2\/media?parent=5819"}],"curies":[{"name":"wp","href":"https:\/\/api.w.org\/{rel}","templated":true}]}}